{"id":4327,"date":"2025-02-04T22:30:51","date_gmt":"2025-02-04T22:30:51","guid":{"rendered":"https:\/\/bissaucar.es\/conditions-2\/"},"modified":"2026-02-01T15:47:20","modified_gmt":"2026-02-01T15:47:20","slug":"conditions","status":"publish","type":"page","link":"https:\/\/bissaucar.es\/fr\/conditions\/","title":{"rendered":"Conditions"},"content":{"rendered":"\t\t<div data-elementor-type=\"wp-page\" data-elementor-id=\"4327\" class=\"elementor elementor-4327\">\n\t\t\t\t<div class=\"elementor-element elementor-element-884edd8 e-flex e-con-boxed e-con e-parent\" data-id=\"884edd8\" data-element_type=\"container\" data-e-type=\"container\" data-settings=\"{&quot;background_background&quot;:&quot;classic&quot;}\">\n\t\t\t\t\t<div class=\"e-con-inner\">\n\t\t\t\t<div class=\"elementor-element elementor-element-074a6b7 elementor-widget elementor-widget-heading\" data-id=\"074a6b7\" data-element_type=\"widget\" data-e-type=\"widget\" data-widget_type=\"heading.default\">\n\t\t\t\t<div class=\"elementor-widget-container\">\n\t\t\t\t\t<h2 class=\"elementor-heading-title elementor-size-default\">Conditions G\u00e9n\u00e9rales de Location<\/h2>\t\t\t\t<\/div>\n\t\t\t\t<\/div>\n\t\t\t\t\t<\/div>\n\t\t\t\t<\/div>\n\t\t<div class=\"elementor-element elementor-element-d75bfe5 e-flex e-con-boxed e-con e-parent\" data-id=\"d75bfe5\" data-element_type=\"container\" data-e-type=\"container\">\n\t\t\t\t\t<div class=\"e-con-inner\">\n\t\t<div class=\"elementor-element elementor-element-a3515f0 e-con-full e-flex e-con e-child\" data-id=\"a3515f0\" data-element_type=\"container\" data-e-type=\"container\">\n\t\t\t\t<div class=\"elementor-element elementor-element-e7d02bf elementor-widget elementor-widget-heading\" data-id=\"e7d02bf\" data-element_type=\"widget\" data-e-type=\"widget\" data-widget_type=\"heading.default\">\n\t\t\t\t<div class=\"elementor-widget-container\">\n\t\t\t\t\t<h2 class=\"elementor-heading-title elementor-size-default\">Prenez un moment pour lire nos Conditions G\u00e9n\u00e9rales de Location<\/h2>\t\t\t\t<\/div>\n\t\t\t\t<\/div>\n\t\t\t\t<div class=\"elementor-element elementor-element-5d4ff52 elementor-widget elementor-widget-text-editor\" data-id=\"5d4ff52\" data-element_type=\"widget\" data-e-type=\"widget\" data-widget_type=\"text-editor.default\">\n\t\t\t\t<div class=\"elementor-widget-container\">\n\t\t\t\t\t\t\t\t\t<p>Vous y trouverez toutes les informations importantes concernant les r\u00e9servations, les assurances, la politique de carburant et bien plus encore. Nous voulons que votre exp\u00e9rience avec <strong>Bissau Car<\/strong> soit agr\u00e9able et s\u00fbre, c\u2019est pourquoi nous avons pr\u00e9par\u00e9 ces conditions de mani\u00e8re claire et transparente. Lisez-les pour voyager en toute tranquillit\u00e9 et profiter pleinement de votre aventure \u00e0 Lanzarote.<\/p>\t\t\t\t\t\t\t\t<\/div>\n\t\t\t\t<\/div>\n\t\t\t\t<div class=\"elementor-element elementor-element-e000269 elementor-widget elementor-widget-n-accordion\" data-id=\"e000269\" data-element_type=\"widget\" data-e-type=\"widget\" data-settings=\"{&quot;default_state&quot;:&quot;all_collapsed&quot;,&quot;max_items_expended&quot;:&quot;one&quot;,&quot;n_accordion_animation_duration&quot;:{&quot;unit&quot;:&quot;ms&quot;,&quot;size&quot;:400,&quot;sizes&quot;:[]}}\" data-widget_type=\"nested-accordion.default\">\n\t\t\t\t<div class=\"elementor-widget-container\">\n\t\t\t\t\t\t\t<div class=\"e-n-accordion\" aria-label=\"Accordion. Open links with Enter or Space, close with Escape, and navigate with Arrow Keys\">\n\t\t\t\t\t\t<details id=\"e-n-accordion-item-2340\" class=\"e-n-accordion-item\" >\n\t\t\t\t<summary class=\"e-n-accordion-item-title\" data-accordion-index=\"1\" tabindex=\"0\" aria-expanded=\"false\" aria-controls=\"e-n-accordion-item-2340\" >\n\t\t\t\t\t<span class='e-n-accordion-item-title-header'><div class=\"e-n-accordion-item-title-text\"> R\u00e9servations <\/div><\/span>\n\t\t\t\t\t\t\t<span class='e-n-accordion-item-title-icon'>\n\t\t\t<span class='e-opened' ><i aria-hidden=\"true\" class=\"fas fa-minus\"><\/i><\/span>\n\t\t\t<span class='e-closed'><i aria-hidden=\"true\" class=\"fas fa-long-arrow-alt-right\"><\/i><\/span>\n\t\t<\/span>\n\n\t\t\t\t\t\t<\/summary>\n\t\t\t\t<div role=\"region\" aria-labelledby=\"e-n-accordion-item-2340\" class=\"elementor-element elementor-element-d57e1bb e-con-full e-flex e-con e-child\" data-id=\"d57e1bb\" data-element_type=\"container\" data-e-type=\"container\">\n\t\t<div role=\"region\" aria-labelledby=\"e-n-accordion-item-2340\" class=\"elementor-element elementor-element-95cfe14 e-flex e-con-boxed e-con e-child\" data-id=\"95cfe14\" data-element_type=\"container\" data-e-type=\"container\">\n\t\t\t\t\t<div class=\"e-con-inner\">\n\t\t\t\t<div class=\"elementor-element elementor-element-24160ec elementor-widget elementor-widget-text-editor\" data-id=\"24160ec\" data-element_type=\"widget\" data-e-type=\"widget\" data-widget_type=\"text-editor.default\">\n\t\t\t\t<div class=\"elementor-widget-container\">\n\t\t\t\t\t\t\t\t\t<p>Les r\u00e9servations effectu\u00e9es via <strong>Bissau Car<\/strong> b\u00e9n\u00e9ficient de tarifs et de conditions sp\u00e9ciales, exclusivement pour les r\u00e9servations en ligne. Ces conditions ne s\u2019appliquent pas aux r\u00e9servations par t\u00e9l\u00e9phone ou directement dans nos bureaux.<br \/>Lors d\u2019une r\u00e9servation, vous recevrez :<\/p><ol><li><strong>Un premier e-mail<\/strong> confirmant la r\u00e9ception de votre demande.<\/li><li><strong>Un deuxi\u00e8me e-mail<\/strong> confirmant ou refusant la r\u00e9servation.<\/li><\/ol><p>Le paiement s\u2019effectue exclusivement dans <strong>nos bureaux<\/strong> au moment du retrait du v\u00e9hicule.<br \/><strong>Aucun paiement n\u2019est requis sur le site web.<\/strong><\/p>\t\t\t\t\t\t\t\t<\/div>\n\t\t\t\t<\/div>\n\t\t\t\t\t<\/div>\n\t\t\t\t<\/div>\n\t\t\t\t<\/div>\n\t\t\t\t\t<\/details>\n\t\t\t\t\t\t<details id=\"e-n-accordion-item-2341\" class=\"e-n-accordion-item\" >\n\t\t\t\t<summary class=\"e-n-accordion-item-title\" data-accordion-index=\"2\" tabindex=\"-1\" aria-expanded=\"false\" aria-controls=\"e-n-accordion-item-2341\" >\n\t\t\t\t\t<span class='e-n-accordion-item-title-header'><div class=\"e-n-accordion-item-title-text\"> Exigences du conducteur <\/div><\/span>\n\t\t\t\t\t\t\t<span class='e-n-accordion-item-title-icon'>\n\t\t\t<span class='e-opened' ><i aria-hidden=\"true\" class=\"fas fa-minus\"><\/i><\/span>\n\t\t\t<span class='e-closed'><i aria-hidden=\"true\" class=\"fas fa-long-arrow-alt-right\"><\/i><\/span>\n\t\t<\/span>\n\n\t\t\t\t\t\t<\/summary>\n\t\t\t\t<div role=\"region\" aria-labelledby=\"e-n-accordion-item-2341\" class=\"elementor-element elementor-element-04947f6 e-con-full e-flex e-con e-child\" data-id=\"04947f6\" data-element_type=\"container\" data-e-type=\"container\">\n\t\t<div role=\"region\" aria-labelledby=\"e-n-accordion-item-2341\" class=\"elementor-element elementor-element-7e35cab e-flex e-con-boxed e-con e-child\" data-id=\"7e35cab\" data-element_type=\"container\" data-e-type=\"container\">\n\t\t\t\t\t<div class=\"e-con-inner\">\n\t\t\t\t<div class=\"elementor-element elementor-element-267534b elementor-widget elementor-widget-text-editor\" data-id=\"267534b\" data-element_type=\"widget\" data-e-type=\"widget\" data-widget_type=\"text-editor.default\">\n\t\t\t\t<div class=\"elementor-widget-container\">\n\t\t\t\t\t\t\t\t\t<ul><li><strong>Permis de conduire :<\/strong> Valable en Espagne et d\u00e9tenu depuis au moins 11 mois.<\/li><li><strong>\u00c2ge minimum :<\/strong> 20 ans.<\/li><\/ul>\t\t\t\t\t\t\t\t<\/div>\n\t\t\t\t<\/div>\n\t\t\t\t\t<\/div>\n\t\t\t\t<\/div>\n\t\t\t\t<\/div>\n\t\t\t\t\t<\/details>\n\t\t\t\t\t\t<details id=\"e-n-accordion-item-2342\" class=\"e-n-accordion-item\" >\n\t\t\t\t<summary class=\"e-n-accordion-item-title\" data-accordion-index=\"3\" tabindex=\"-1\" aria-expanded=\"false\" aria-controls=\"e-n-accordion-item-2342\" >\n\t\t\t\t\t<span class='e-n-accordion-item-title-header'><div class=\"e-n-accordion-item-title-text\"> Ce que comprennent nos tarifs <\/div><\/span>\n\t\t\t\t\t\t\t<span class='e-n-accordion-item-title-icon'>\n\t\t\t<span class='e-opened' ><i aria-hidden=\"true\" class=\"fas fa-minus\"><\/i><\/span>\n\t\t\t<span class='e-closed'><i aria-hidden=\"true\" class=\"fas fa-long-arrow-alt-right\"><\/i><\/span>\n\t\t<\/span>\n\n\t\t\t\t\t\t<\/summary>\n\t\t\t\t<div role=\"region\" aria-labelledby=\"e-n-accordion-item-2342\" class=\"elementor-element elementor-element-1cd0e88 e-con-full e-flex e-con e-child\" data-id=\"1cd0e88\" data-element_type=\"container\" data-e-type=\"container\">\n\t\t<div role=\"region\" aria-labelledby=\"e-n-accordion-item-2342\" class=\"elementor-element elementor-element-e9aac3a e-flex e-con-boxed e-con e-child\" data-id=\"e9aac3a\" data-element_type=\"container\" data-e-type=\"container\">\n\t\t\t\t\t<div class=\"e-con-inner\">\n\t\t\t\t<div class=\"elementor-element elementor-element-270fdba elementor-widget elementor-widget-text-editor\" data-id=\"270fdba\" data-element_type=\"widget\" data-e-type=\"widget\" data-widget_type=\"text-editor.default\">\n\t\t\t\t<div class=\"elementor-widget-container\">\n\t\t\t\t\t\t\t\t\t<ul><li>Taxes (IGIC) incluses.<\/li><li>Kilom\u00e9trage illimit\u00e9.<\/li><li>Deuxi\u00e8me conducteur sans frais suppl\u00e9mentaires.<\/li><li>Si\u00e8ges enfant et rehausseurs (selon disponibilit\u00e9).<\/li><li>Assurance de base obligatoire avec franchise (CDW) :<br \/>\u2013 Couverture partielle en cas de collision (dommages \u00e0 des tiers).<br \/>\u2013 Couverture en cas de vol (TP).<\/li><\/ul><p><strong>Remarque :<\/strong> Pour les groupes F, I, J, H, K et L, un d\u00e9p\u00f4t correspondant au montant de la franchise peut \u00eatre requis.<\/p><ul><li>Couverture suppl\u00e9mentaire gratuite :<br \/>\u2013 Inclut roues, jantes, crevaisons, r\u00e9troviseurs, vitres, pare-brise, phares avant et arri\u00e8re, clignotants.<br \/>\u2013 Assistance routi\u00e8re, d\u00e9panneuse et v\u00e9hicule de remplacement.<\/li><\/ul><p><br \/><strong>Remarque :<\/strong> La couverture suppl\u00e9mentaire gratuite est annul\u00e9e si des dommages surviennent en raison de :<\/p><ul><li>Transport de plus de passagers que permis.<\/li><li>Pr\u00eat du v\u00e9hicule \u00e0 des tiers non autoris\u00e9s.<\/li><li>Conduite hors route (plages, pistes en terre, ravins, etc.).<\/li><li>Stationnement dans des zones dangereuses ou interdites.<\/li><li>Conduite sous l\u2019influence d\u2019alcool, de drogues, de fatigue ou de maladie.<\/li><li>Participation \u00e0 des courses ou activit\u00e9s sportives.<\/li><li>Perte, bris ou verrouillage des cl\u00e9s \u00e0 l\u2019int\u00e9rieur du v\u00e9hicule.<\/li><li>Utilisation d\u2019un carburant inappropri\u00e9.<\/li><\/ul>\t\t\t\t\t\t\t\t<\/div>\n\t\t\t\t<\/div>\n\t\t\t\t\t<\/div>\n\t\t\t\t<\/div>\n\t\t\t\t<\/div>\n\t\t\t\t\t<\/details>\n\t\t\t\t\t\t<details id=\"e-n-accordion-item-2343\" class=\"e-n-accordion-item\" >\n\t\t\t\t<summary class=\"e-n-accordion-item-title\" data-accordion-index=\"4\" tabindex=\"-1\" aria-expanded=\"false\" aria-controls=\"e-n-accordion-item-2343\" >\n\t\t\t\t\t<span class='e-n-accordion-item-title-header'><div class=\"e-n-accordion-item-title-text\"> Retrait et restitution du v\u00e9hicule <\/div><\/span>\n\t\t\t\t\t\t\t<span class='e-n-accordion-item-title-icon'>\n\t\t\t<span class='e-opened' ><i aria-hidden=\"true\" class=\"fas fa-minus\"><\/i><\/span>\n\t\t\t<span class='e-closed'><i aria-hidden=\"true\" class=\"fas fa-long-arrow-alt-right\"><\/i><\/span>\n\t\t<\/span>\n\n\t\t\t\t\t\t<\/summary>\n\t\t\t\t<div role=\"region\" aria-labelledby=\"e-n-accordion-item-2343\" class=\"elementor-element elementor-element-8eec5a8 e-con-full e-flex e-con e-child\" data-id=\"8eec5a8\" data-element_type=\"container\" data-e-type=\"container\">\n\t\t<div role=\"region\" aria-labelledby=\"e-n-accordion-item-2343\" class=\"elementor-element elementor-element-8063bc7 e-flex e-con-boxed e-con e-child\" data-id=\"8063bc7\" data-element_type=\"container\" data-e-type=\"container\">\n\t\t\t\t\t<div class=\"e-con-inner\">\n\t\t\t\t<div class=\"elementor-element elementor-element-9c6b63b elementor-widget elementor-widget-text-editor\" data-id=\"9c6b63b\" data-element_type=\"widget\" data-e-type=\"widget\" data-widget_type=\"text-editor.default\">\n\t\t\t\t<div class=\"elementor-widget-container\">\n\t\t\t\t\t\t\t\t\t<ul><li>Lieu de retrait standard : Notre bureau \u00e0 Playa Blanca.<\/li><li>Tout autre lieu de livraison doit \u00eatre confirm\u00e9 \u00e0 l\u2019avance par WhatsApp ou par e-mail.<\/li><li>Livraisons \u00e0 l\u2019a\u00e9roport de Lanzarote :<br \/>\u2013 30 \u20ac : Livraison hors base.<br \/>\u2013 40 \u20ac : Livraison apr\u00e8s 22h00 (suppl\u00e9ment de nuit).<\/li><\/ul>\t\t\t\t\t\t\t\t<\/div>\n\t\t\t\t<\/div>\n\t\t\t\t\t<\/div>\n\t\t\t\t<\/div>\n\t\t\t\t<\/div>\n\t\t\t\t\t<\/details>\n\t\t\t\t\t\t<details id=\"e-n-accordion-item-2344\" class=\"e-n-accordion-item\" >\n\t\t\t\t<summary class=\"e-n-accordion-item-title\" data-accordion-index=\"5\" tabindex=\"-1\" aria-expanded=\"false\" aria-controls=\"e-n-accordion-item-2344\" >\n\t\t\t\t\t<span class='e-n-accordion-item-title-header'><div class=\"e-n-accordion-item-title-text\"> Politique de carburant <\/div><\/span>\n\t\t\t\t\t\t\t<span class='e-n-accordion-item-title-icon'>\n\t\t\t<span class='e-opened' ><i aria-hidden=\"true\" class=\"fas fa-minus\"><\/i><\/span>\n\t\t\t<span class='e-closed'><i aria-hidden=\"true\" class=\"fas fa-long-arrow-alt-right\"><\/i><\/span>\n\t\t<\/span>\n\n\t\t\t\t\t\t<\/summary>\n\t\t\t\t<div role=\"region\" aria-labelledby=\"e-n-accordion-item-2344\" class=\"elementor-element elementor-element-1e53b73 e-con-full e-flex e-con e-child\" data-id=\"1e53b73\" data-element_type=\"container\" data-e-type=\"container\">\n\t\t<div role=\"region\" aria-labelledby=\"e-n-accordion-item-2344\" class=\"elementor-element elementor-element-a1ab05b e-flex e-con-boxed e-con e-child\" data-id=\"a1ab05b\" data-element_type=\"container\" data-e-type=\"container\">\n\t\t\t\t\t<div class=\"e-con-inner\">\n\t\t\t\t<div class=\"elementor-element elementor-element-af13462 elementor-widget elementor-widget-text-editor\" data-id=\"af13462\" data-element_type=\"widget\" data-e-type=\"widget\" data-widget_type=\"text-editor.default\">\n\t\t\t\t<div class=\"elementor-widget-container\">\n\t\t\t\t\t\t\t\t\t<p>Politique de carburant :<strong> Plein \u00e0 plein<\/strong> \u2013 Le v\u00e9hicule doit \u00eatre restitu\u00e9 avec le m\u00eame niveau de carburant que lors de sa remise.<\/p>\t\t\t\t\t\t\t\t<\/div>\n\t\t\t\t<\/div>\n\t\t\t\t\t<\/div>\n\t\t\t\t<\/div>\n\t\t\t\t<\/div>\n\t\t\t\t\t<\/details>\n\t\t\t\t\t\t<details id=\"e-n-accordion-item-2345\" class=\"e-n-accordion-item\" >\n\t\t\t\t<summary class=\"e-n-accordion-item-title\" data-accordion-index=\"6\" tabindex=\"-1\" aria-expanded=\"false\" aria-controls=\"e-n-accordion-item-2345\" >\n\t\t\t\t\t<span class='e-n-accordion-item-title-header'><div class=\"e-n-accordion-item-title-text\"> Interdictions <\/div><\/span>\n\t\t\t\t\t\t\t<span class='e-n-accordion-item-title-icon'>\n\t\t\t<span class='e-opened' ><i aria-hidden=\"true\" class=\"fas fa-minus\"><\/i><\/span>\n\t\t\t<span class='e-closed'><i aria-hidden=\"true\" class=\"fas fa-long-arrow-alt-right\"><\/i><\/span>\n\t\t<\/span>\n\n\t\t\t\t\t\t<\/summary>\n\t\t\t\t<div role=\"region\" aria-labelledby=\"e-n-accordion-item-2345\" class=\"elementor-element elementor-element-c0bd0f1 e-con-full e-flex e-con e-child\" data-id=\"c0bd0f1\" data-element_type=\"container\" data-e-type=\"container\">\n\t\t<div role=\"region\" aria-labelledby=\"e-n-accordion-item-2345\" class=\"elementor-element elementor-element-fa694ff e-flex e-con-boxed e-con e-child\" data-id=\"fa694ff\" data-element_type=\"container\" data-e-type=\"container\">\n\t\t\t\t\t<div class=\"e-con-inner\">\n\t\t\t\t<div class=\"elementor-element elementor-element-7dd41e8 elementor-widget elementor-widget-text-editor\" data-id=\"7dd41e8\" data-element_type=\"widget\" data-e-type=\"widget\" data-widget_type=\"text-editor.default\">\n\t\t\t\t<div class=\"elementor-widget-container\">\n\t\t\t\t\t\t\t\t\t<ul><li>Il est interdit de fumer \u00e0 l\u2019int\u00e9rieur du v\u00e9hicule.<\/li><li>Il est interdit de sortir le v\u00e9hicule de Lanzarote sans autorisation pr\u00e9alable. En cas d\u2019autorisation pour Fuerteventura, le v\u00e9hicule doit \u00eatre restitu\u00e9 \u00e0 Lanzarote. Tout manquement entra\u00eenera des frais de retour \u00e0 la charge du client.<\/li><\/ul>\t\t\t\t\t\t\t\t<\/div>\n\t\t\t\t<\/div>\n\t\t\t\t\t<\/div>\n\t\t\t\t<\/div>\n\t\t\t\t<\/div>\n\t\t\t\t\t<\/details>\n\t\t\t\t\t\t<details id=\"e-n-accordion-item-2346\" class=\"e-n-accordion-item\" >\n\t\t\t\t<summary class=\"e-n-accordion-item-title\" data-accordion-index=\"7\" tabindex=\"-1\" aria-expanded=\"false\" aria-controls=\"e-n-accordion-item-2346\" >\n\t\t\t\t\t<span class='e-n-accordion-item-title-header'><div class=\"e-n-accordion-item-title-text\"> Retours et annulations <\/div><\/span>\n\t\t\t\t\t\t\t<span class='e-n-accordion-item-title-icon'>\n\t\t\t<span class='e-opened' ><i aria-hidden=\"true\" class=\"fas fa-minus\"><\/i><\/span>\n\t\t\t<span class='e-closed'><i aria-hidden=\"true\" class=\"fas fa-long-arrow-alt-right\"><\/i><\/span>\n\t\t<\/span>\n\n\t\t\t\t\t\t<\/summary>\n\t\t\t\t<div role=\"region\" aria-labelledby=\"e-n-accordion-item-2346\" class=\"elementor-element elementor-element-f22e2f9 e-con-full e-flex e-con e-child\" data-id=\"f22e2f9\" data-element_type=\"container\" data-e-type=\"container\">\n\t\t<div role=\"region\" aria-labelledby=\"e-n-accordion-item-2346\" class=\"elementor-element elementor-element-70b2fd4 e-flex e-con-boxed e-con e-child\" data-id=\"70b2fd4\" data-element_type=\"container\" data-e-type=\"container\">\n\t\t\t\t\t<div class=\"e-con-inner\">\n\t\t\t\t<div class=\"elementor-element elementor-element-866c2e0 elementor-widget elementor-widget-text-editor\" data-id=\"866c2e0\" data-element_type=\"widget\" data-e-type=\"widget\" data-widget_type=\"text-editor.default\">\n\t\t\t\t<div class=\"elementor-widget-container\">\n\t\t\t\t\t\t\t\t\t<ul><li>En cas de retour anticip\u00e9, aucun remboursement ne sera accord\u00e9 pour les jours non utilis\u00e9s ou les options suppl\u00e9mentaires.<\/li><li>Les assurances et couvertures souscrites sont consid\u00e9r\u00e9es comme utilis\u00e9es d\u00e8s le retrait du v\u00e9hicule.<\/li><li>Le v\u00e9hicule doit \u00eatre restitu\u00e9 au lieu et \u00e0 la date convenus. Toute modification doit \u00eatre autoris\u00e9e par Bissau Car S.L.<\/li><\/ul>\t\t\t\t\t\t\t\t<\/div>\n\t\t\t\t<\/div>\n\t\t\t\t\t<\/div>\n\t\t\t\t<\/div>\n\t\t\t\t<\/div>\n\t\t\t\t\t<\/details>\n\t\t\t\t\t\t<details id=\"e-n-accordion-item-2347\" class=\"e-n-accordion-item\" >\n\t\t\t\t<summary class=\"e-n-accordion-item-title\" data-accordion-index=\"8\" tabindex=\"-1\" aria-expanded=\"false\" aria-controls=\"e-n-accordion-item-2347\" >\n\t\t\t\t\t<span class='e-n-accordion-item-title-header'><div class=\"e-n-accordion-item-title-text\"> Autres conditions <\/div><\/span>\n\t\t\t\t\t\t\t<span class='e-n-accordion-item-title-icon'>\n\t\t\t<span class='e-opened' ><i aria-hidden=\"true\" class=\"fas fa-minus\"><\/i><\/span>\n\t\t\t<span class='e-closed'><i aria-hidden=\"true\" class=\"fas fa-long-arrow-alt-right\"><\/i><\/span>\n\t\t<\/span>\n\n\t\t\t\t\t\t<\/summary>\n\t\t\t\t<div role=\"region\" aria-labelledby=\"e-n-accordion-item-2347\" class=\"elementor-element elementor-element-300b2c1 e-con-full e-flex e-con e-child\" data-id=\"300b2c1\" data-element_type=\"container\" data-e-type=\"container\">\n\t\t<div role=\"region\" aria-labelledby=\"e-n-accordion-item-2347\" class=\"elementor-element elementor-element-9380818 e-flex e-con-boxed e-con e-child\" data-id=\"9380818\" data-element_type=\"container\" data-e-type=\"container\">\n\t\t\t\t\t<div class=\"e-con-inner\">\n\t\t\t\t<div class=\"elementor-element elementor-element-88d2d25 elementor-widget elementor-widget-text-editor\" data-id=\"88d2d25\" data-element_type=\"widget\" data-e-type=\"widget\" data-widget_type=\"text-editor.default\">\n\t\t\t\t<div class=\"elementor-widget-container\">\n\t\t\t\t\t\t\t\t\t<ul><li><strong>Si\u00e8ges enfant et rehausseurs :<\/strong> Gratuits pour les r\u00e9servations en ligne (selon disponibilit\u00e9).<\/li><li><strong>Objets oubli\u00e9s :<\/strong> Bissau Car S.L. d\u00e9cline toute responsabilit\u00e9 pour les objets laiss\u00e9s dans le v\u00e9hicule.<\/li><li><strong>Infractions :<\/strong> Le client est responsable de toute amende ou sanction re\u00e7ue pendant la p\u00e9riode de location.<\/li><li><strong>Accident :<\/strong> En cas d\u2019accident, le locataire doit imm\u00e9diatement pr\u00e9venir Bissau Car S.L. et ne doit assumer aucune responsabilit\u00e9 ni conclure d\u2019accord avec la partie adverse sans le consentement de Bissau Car S.L.<\/li><\/ul>\t\t\t\t\t\t\t\t<\/div>\n\t\t\t\t<\/div>\n\t\t\t\t\t<\/div>\n\t\t\t\t<\/div>\n\t\t\t\t<\/div>\n\t\t\t\t\t<\/details>\n\t\t\t\t\t\t<details id=\"e-n-accordion-item-2348\" class=\"e-n-accordion-item\" >\n\t\t\t\t<summary class=\"e-n-accordion-item-title\" data-accordion-index=\"9\" tabindex=\"-1\" aria-expanded=\"false\" aria-controls=\"e-n-accordion-item-2348\" >\n\t\t\t\t\t<span class='e-n-accordion-item-title-header'><div class=\"e-n-accordion-item-title-text\"> Mod\u00e8le de v\u00e9hicule <\/div><\/span>\n\t\t\t\t\t\t\t<span class='e-n-accordion-item-title-icon'>\n\t\t\t<span class='e-opened' ><i aria-hidden=\"true\" class=\"fas fa-minus\"><\/i><\/span>\n\t\t\t<span class='e-closed'><i aria-hidden=\"true\" class=\"fas fa-long-arrow-alt-right\"><\/i><\/span>\n\t\t<\/span>\n\n\t\t\t\t\t\t<\/summary>\n\t\t\t\t<div role=\"region\" aria-labelledby=\"e-n-accordion-item-2348\" class=\"elementor-element elementor-element-81762c5 e-con-full e-flex e-con e-child\" data-id=\"81762c5\" data-element_type=\"container\" data-e-type=\"container\">\n\t\t<div role=\"region\" aria-labelledby=\"e-n-accordion-item-2348\" class=\"elementor-element elementor-element-cf78138 e-flex e-con-boxed e-con e-child\" data-id=\"cf78138\" data-element_type=\"container\" data-e-type=\"container\">\n\t\t\t\t\t<div class=\"e-con-inner\">\n\t\t\t\t<div class=\"elementor-element elementor-element-d7acb93 elementor-widget elementor-widget-text-editor\" data-id=\"d7acb93\" data-element_type=\"widget\" data-e-type=\"widget\" data-widget_type=\"text-editor.default\">\n\t\t\t\t<div class=\"elementor-widget-container\">\n\t\t\t\t\t\t\t\t\tNous faisons tout notre possible pour fournir le mod\u00e8le r\u00e9serv\u00e9, mais nous ne pouvons le garantir que s\u2019il est explicitement indiqu\u00e9 comme \u00ab mod\u00e8le garanti \u00bb. S\u2019il n\u2019est pas disponible, un v\u00e9hicule du m\u00eame groupe ou d\u2019un groupe sup\u00e9rieur sera fourni au m\u00eame prix.\t\t\t\t\t\t\t\t<\/div>\n\t\t\t\t<\/div>\n\t\t\t\t\t<\/div>\n\t\t\t\t<\/div>\n\t\t\t\t<\/div>\n\t\t\t\t\t<\/details>\n\t\t\t\t\t\t<details id=\"e-n-accordion-item-2349\" class=\"e-n-accordion-item\" >\n\t\t\t\t<summary class=\"e-n-accordion-item-title\" data-accordion-index=\"10\" tabindex=\"-1\" aria-expanded=\"false\" aria-controls=\"e-n-accordion-item-2349\" >\n\t\t\t\t\t<span class='e-n-accordion-item-title-header'><div class=\"e-n-accordion-item-title-text\"> Politique de confidentialit\u00e9 <\/div><\/span>\n\t\t\t\t\t\t\t<span class='e-n-accordion-item-title-icon'>\n\t\t\t<span class='e-opened' ><i aria-hidden=\"true\" class=\"fas fa-minus\"><\/i><\/span>\n\t\t\t<span class='e-closed'><i aria-hidden=\"true\" class=\"fas fa-long-arrow-alt-right\"><\/i><\/span>\n\t\t<\/span>\n\n\t\t\t\t\t\t<\/summary>\n\t\t\t\t<div role=\"region\" aria-labelledby=\"e-n-accordion-item-2349\" class=\"elementor-element elementor-element-92d4283 e-con-full e-flex e-con e-child\" data-id=\"92d4283\" data-element_type=\"container\" data-e-type=\"container\">\n\t\t<div role=\"region\" aria-labelledby=\"e-n-accordion-item-2349\" class=\"elementor-element elementor-element-29c0d92 e-flex e-con-boxed e-con e-child\" data-id=\"29c0d92\" data-element_type=\"container\" data-e-type=\"container\">\n\t\t\t\t\t<div class=\"e-con-inner\">\n\t\t\t\t<div class=\"elementor-element elementor-element-fbaa6a8 elementor-widget elementor-widget-text-editor\" data-id=\"fbaa6a8\" data-element_type=\"widget\" data-e-type=\"widget\" data-widget_type=\"text-editor.default\">\n\t\t\t\t<div class=\"elementor-widget-container\">\n\t\t\t\t\t\t\t\t\tLes donn\u00e9es personnelles fournies seront trait\u00e9es de mani\u00e8re confidentielle et conform\u00e9ment \u00e0 la l\u00e9gislation en vigueur.\t\t\t\t\t\t\t\t<\/div>\n\t\t\t\t<\/div>\n\t\t\t\t\t<\/div>\n\t\t\t\t<\/div>\n\t\t\t\t<\/div>\n\t\t\t\t\t<\/details>\n\t\t\t\t\t\t<details id=\"e-n-accordion-item-23410\" class=\"e-n-accordion-item\" >\n\t\t\t\t<summary class=\"e-n-accordion-item-title\" data-accordion-index=\"11\" tabindex=\"-1\" aria-expanded=\"false\" aria-controls=\"e-n-accordion-item-23410\" >\n\t\t\t\t\t<span class='e-n-accordion-item-title-header'><div class=\"e-n-accordion-item-title-text\"> Contact pour modifications <\/div><\/span>\n\t\t\t\t\t\t\t<span class='e-n-accordion-item-title-icon'>\n\t\t\t<span class='e-opened' ><i aria-hidden=\"true\" class=\"fas fa-minus\"><\/i><\/span>\n\t\t\t<span class='e-closed'><i aria-hidden=\"true\" class=\"fas fa-long-arrow-alt-right\"><\/i><\/span>\n\t\t<\/span>\n\n\t\t\t\t\t\t<\/summary>\n\t\t\t\t<div role=\"region\" aria-labelledby=\"e-n-accordion-item-23410\" class=\"elementor-element elementor-element-38b0958 e-con-full e-flex e-con e-child\" data-id=\"38b0958\" data-element_type=\"container\" data-e-type=\"container\">\n\t\t<div role=\"region\" aria-labelledby=\"e-n-accordion-item-23410\" class=\"elementor-element elementor-element-da662ce e-flex e-con-boxed e-con e-child\" data-id=\"da662ce\" data-element_type=\"container\" data-e-type=\"container\">\n\t\t\t\t\t<div class=\"e-con-inner\">\n\t\t\t\t<div class=\"elementor-element elementor-element-7eee133 elementor-widget elementor-widget-text-editor\" data-id=\"7eee133\" data-element_type=\"widget\" data-e-type=\"widget\" data-widget_type=\"text-editor.default\">\n\t\t\t\t<div class=\"elementor-widget-container\">\n\t\t\t\t\t\t\t\t\tSi vous devez modifier votre r\u00e9servation, veuillez nous contacter :\n\n\ud83d\udcde T\u00e9l\u00e9phones :\n<a href=\"http:\/\/+34 828 734 085\">+34 828 734 085<\/a>\n<a href=\"http:\/\/+34 623 49 82 24\">+34 623 49 82 24<\/a>\n\n\ud83d\udce7 E-mail :\n<a href=\"mailto:reservations@bissaucar.es\">reservations@bissaucar.es<\/a>\t\t\t\t\t\t\t\t<\/div>\n\t\t\t\t<\/div>\n\t\t\t\t\t<\/div>\n\t\t\t\t<\/div>\n\t\t\t\t<\/div>\n\t\t\t\t\t<\/details>\n\t\t\t\t\t<\/div>\n\t\t\t\t\t\t<\/div>\n\t\t\t\t<\/div>\n\t\t\t\t<div class=\"elementor-element elementor-element-4b60294 elementor-widget elementor-widget-button\" data-id=\"4b60294\" data-element_type=\"widget\" data-e-type=\"widget\" data-widget_type=\"button.default\">\n\t\t\t\t<div class=\"elementor-widget-container\">\n\t\t\t\t\t\t\t\t\t<div class=\"elementor-button-wrapper\">\n\t\t\t\t\t<a class=\"elementor-button elementor-button-link elementor-size-sm\" href=\"https:\/\/bissaucar.es\/wp-content\/uploads\/2025\/09\/Conditions-Generales-de-Location.pdf\" target=\"_blank\">\n\t\t\t\t\t\t<span class=\"elementor-button-content-wrapper\">\n\t\t\t\t\t\t\t\t\t<span class=\"elementor-button-text\">T\u00e9l\u00e9charger le PDF<\/span>\n\t\t\t\t\t<\/span>\n\t\t\t\t\t<\/a>\n\t\t\t\t<\/div>\n\t\t\t\t\t\t\t\t<\/div>\n\t\t\t\t<\/div>\n\t\t\t\t<\/div>\n\t\t<div class=\"elementor-element elementor-element-3a7e747 e-con-full e-flex e-con e-child\" data-id=\"3a7e747\" data-element_type=\"container\" data-e-type=\"container\">\n\t\t\t\t<div class=\"elementor-element elementor-element-0fbb86f elementor-widget elementor-widget-sidebar\" data-id=\"0fbb86f\" data-element_type=\"widget\" data-e-type=\"widget\" data-widget_type=\"sidebar.default\">\n\t\t\t\t<div class=\"elementor-widget-container\">\n\t\t\t\t\t<aside id=\"search-5\" class=\"widget widget_search\"><form role=\"search\" method=\"get\" class=\"search-form\" action=\"https:\/\/bissaucar.es\/fr\/\">\n\t<label for=\"search-field\">\n\t\t<span class=\"screen-reader-text\">Rechercher\u00a0:<\/span>\n\t\t<input type=\"search\" id=\"search-field\" class=\"search-field\"   placeholder=\"Recherche\u2026\" value=\"\" name=\"s\" tabindex=\"-1\">\n\t\t\t\t\t<button class=\"search-submit ast-search-submit\" aria-label=\"Envoi de la recherche\">\n\t\t\t\t<span hidden>Rechercher<\/span>\n\t\t\t\t<i><span class=\"ast-icon icon-search\"><svg xmlns=\"http:\/\/www.w3.org\/2000\/svg\" xmlns:xlink=\"http:\/\/www.w3.org\/1999\/xlink\" version=\"1.1\" x=\"0px\" y=\"0px\" viewBox=\"-893 477 142 142\" enable-background=\"new -888 480 142 142\" xml:space=\"preserve\">\n\t\t\t\t\t\t  <path d=\"M-787.4,568.7h-6.3l-2.4-2.4c7.9-8.7,12.6-20.5,12.6-33.1c0-28.4-22.9-51.3-51.3-51.3  c-28.4,0-51.3,22.9-51.3,51.3c0,28.4,22.9,51.3,51.3,51.3c12.6,0,24.4-4.7,33.1-12.6l2.4,2.4v6.3l39.4,39.4l11.8-11.8L-787.4,568.7  L-787.4,568.7z M-834.7,568.7c-19.7,0-35.5-15.8-35.5-35.5c0-19.7,15.8-35.5,35.5-35.5c19.7,0,35.5,15.8,35.5,35.5  C-799.3,553-815,568.7-834.7,568.7L-834.7,568.7z\" \/>\n\t\t\t\t\t\t  <\/svg><\/span><\/i>\n\t\t\t<\/button>\n\t\t\t<\/label>\n\t\t\t<input type=\"submit\" class=\"search-submit\" value=\"Rechercher\">\n\t<\/form>\n<\/aside><aside id=\"nav_menu-4\" class=\"widget widget_nav_menu\"><nav class=\"menu-widget-menu-container\" aria-label=\"Menu\"><ul id=\"menu-widget-menu\" class=\"menu\"><li id=\"menu-item-5119\" class=\"menu-item menu-item-type-post_type menu-item-object-page menu-item-5119\"><a href=\"https:\/\/bissaucar.es\/preguntas-frecuentes\/\" class=\"menu-link\">Questions fr\u00e9quentes<\/a><\/li>\n<li id=\"menu-item-8094\" class=\"menu-item menu-item-type-post_type menu-item-object-page menu-item-8094\"><a href=\"https:\/\/bissaucar.es\/flota-de-vehiculos\/\" class=\"menu-link\">Flotte de v\u00e9hicules<\/a><\/li>\n<li id=\"menu-item-8092\" class=\"menu-item menu-item-type-post_type menu-item-object-post menu-item-8092\"><a href=\"https:\/\/bissaucar.es\/permisos-de-conducir-validos-en-espana-para-turistas\/\" class=\"menu-link\">Permis de conduire valables en Espagne pour les touristes<\/a><\/li>\n<li id=\"menu-item-8093\" class=\"menu-item menu-item-type-post_type menu-item-object-post menu-item-8093\"><a href=\"https:\/\/bissaucar.es\/conducir-y-aparcar-en-lanzarote\/\" class=\"menu-link\">Conduire et se garer \u00e0 Lanzarote<\/a><\/li>\n<\/ul><\/nav><\/aside>\t\t\t\t<\/div>\n\t\t\t\t<\/div>\n\t\t\t\t<\/div>\n\t\t\t\t\t<\/div>\n\t\t\t\t<\/div>\n\t\t\t\t<\/div>\n\t\t","protected":false},"excerpt":{"rendered":"<p>Conditions G\u00e9n\u00e9rales de Location Prenez un moment pour lire nos Conditions G\u00e9n\u00e9rales de Location Vous y trouverez toutes les informations importantes concernant les r\u00e9servations, les assurances, la politique de carburant et bien plus encore. Nous voulons que votre exp\u00e9rience avec Bissau Car soit agr\u00e9able et s\u00fbre, c\u2019est pourquoi nous avons pr\u00e9par\u00e9 ces conditions de mani\u00e8re [&hellip;]<\/p>\n","protected":false},"author":1,"featured_media":4047,"parent":0,"menu_order":0,"comment_status":"closed","ping_status":"closed","template":"elementor_canvas","meta":{"site-sidebar-layout":"default","site-content-layout":"","ast-site-content-layout":"default","site-content-style":"default","site-sidebar-style":"default","ast-global-header-display":"","ast-banner-title-visibility":"","ast-main-header-display":"","ast-hfb-above-header-display":"","ast-hfb-below-header-display":"","ast-hfb-mobile-header-display":"","site-post-title":"","ast-breadcrumbs-content":"","ast-featured-img":"disabled","footer-sml-layout":"","ast-disable-related-posts":"","theme-transparent-header-meta":"","adv-header-id-meta":"","stick-header-meta":"","header-above-stick-meta":"","header-main-stick-meta":"","header-below-stick-meta":"","astra-migrate-meta-layouts":"set","ast-page-background-enabled":"default","ast-page-background-meta":{"desktop":{"background-color":"","background-image":"","background-repeat":"repeat","background-position":"center center","background-size":"auto","background-attachment":"scroll","background-type":"","background-media":"","overlay-type":"","overlay-color":"","overlay-opacity":"","overlay-gradient":""},"tablet":{"background-color":"","background-image":"","background-repeat":"repeat","background-position":"center center","background-size":"auto","background-attachment":"scroll","background-type":"","background-media":"","overlay-type":"","overlay-color":"","overlay-opacity":"","overlay-gradient":""},"mobile":{"background-color":"","background-image":"","background-repeat":"repeat","background-position":"center center","background-size":"auto","background-attachment":"scroll","background-type":"","background-media":"","overlay-type":"","overlay-color":"","overlay-opacity":"","overlay-gradient":""}},"ast-content-background-meta":{"desktop":{"background-color":"var(--ast-global-color-5)","background-image":"","background-repeat":"repeat","background-position":"center center","background-size":"auto","background-attachment":"scroll","background-type":"","background-media":"","overlay-type":"","overlay-color":"","overlay-opacity":"","overlay-gradient":""},"tablet":{"background-color":"var(--ast-global-color-5)","background-image":"","background-repeat":"repeat","background-position":"center center","background-size":"auto","background-attachment":"scroll","background-type":"","background-media":"","overlay-type":"","overlay-color":"","overlay-opacity":"","overlay-gradient":""},"mobile":{"background-color":"var(--ast-global-color-5)","background-image":"","background-repeat":"repeat","background-position":"center center","background-size":"auto","background-attachment":"scroll","background-type":"","background-media":"","overlay-type":"","overlay-color":"","overlay-opacity":"","overlay-gradient":""}},"footnotes":""},"class_list":["post-4327","page","type-page","status-publish","has-post-thumbnail","hentry"],"_links":{"self":[{"href":"https:\/\/bissaucar.es\/fr\/wp-json\/wp\/v2\/pages\/4327","targetHints":{"allow":["GET"]}}],"collection":[{"href":"https:\/\/bissaucar.es\/fr\/wp-json\/wp\/v2\/pages"}],"about":[{"href":"https:\/\/bissaucar.es\/fr\/wp-json\/wp\/v2\/types\/page"}],"author":[{"embeddable":true,"href":"https:\/\/bissaucar.es\/fr\/wp-json\/wp\/v2\/users\/1"}],"replies":[{"embeddable":true,"href":"https:\/\/bissaucar.es\/fr\/wp-json\/wp\/v2\/comments?post=4327"}],"version-history":[{"count":0,"href":"https:\/\/bissaucar.es\/fr\/wp-json\/wp\/v2\/pages\/4327\/revisions"}],"wp:featuredmedia":[{"embeddable":true,"href":"https:\/\/bissaucar.es\/fr\/wp-json\/wp\/v2\/media\/4047"}],"wp:attachment":[{"href":"https:\/\/bissaucar.es\/fr\/wp-json\/wp\/v2\/media?parent=4327"}],"curies":[{"name":"wp","href":"https:\/\/api.w.org\/{rel}","templated":true}]}}